{"id":644,"date":"2022-11-02T13:04:51","date_gmt":"2022-11-02T13:04:51","guid":{"rendered":"https:\/\/alanleal-econ.com\/index.php\/hugo-wp\/"},"modified":"2025-08-20T20:18:16","modified_gmt":"2025-08-20T23:18:16","slug":"hugo-wp","status":"publish","type":"page","link":"https:\/\/alanleal-econ.com\/","title":{"rendered":""},"content":{"rendered":"\n<p class=\"has-text-align-center\" style=\"font-size:30px\">Welcome to Alan Leal&#8217;s home page!<\/p>\n\n\n\n<p>I hold a Ph.D. in Economic Theory from the University of S\u00e3o Paulo. My research interests lie in international trade, environment, computable general equilibrium models, and game theory. I have also worked on several consulting jobs, including, but not only, analyzing the real state market in Belo Horizonte, Brazil, analyzing Brazilian accession to the OECD under an environmental prism. I am currently employed as a senior analyst at Climate Policy Initiative\/Pontifical Catholic University of Rio de Janeiro.<\/p>\n\n\n\n<p>My academic and professional experiences are documented in this website. You can find more information about my academic and professional experiences on my <a href=\"https:\/\/orcid.org\/0000-0002-1141-7747\" target=\"_blank\" rel=\"noreferrer noopener\">ORCID page<\/a> or\u00a0<a href=\"http:\/\/lattes.cnpq.br\/3617254988420915\" target=\"_blank\" rel=\"noreferrer noopener\">Curriculum Lattes<\/a> (in Portuguese) and in my <a href=\"https:\/\/alanleal-econ.com\/wp-content\/uploads\/2025\/08\/CV_Alan_Leal.pdf\" data-type=\"link\" data-id=\"alanleal-econ.com\/wp-content\/uploads\/2023\/11\/Alan-Leal-CV-2023-en.pdf\" target=\"_blank\" rel=\"noreferrer noopener\">Curriculum Vitae<\/a>, respectively.<\/p>\n\n\n\n<p>If you want to get notified whenever I publish a post in this site, please subscribe in the following form.<\/p>\n\n\n<div class=\"wp-block-jetpack-subscriptions__supports-newline wp-block-jetpack-subscriptions\">\n\t\t<div>\n\t\t\t<div>\n\t\t\t\t<div>\n\t\t\t\t\t<p >\n\t\t\t\t\t\t<a href=\"https:\/\/alanleal-econ.com\/?post_type=page&#038;p=644\" style=\"font-size: 16px;padding: 15px 23px 15px 23px;margin: 0; margin-left: 10px;border-radius: 0px;border-width: 1px; background-color: #113AF5; color: #FFFFFF; text-decoration: none; white-space: nowrap; margin-left: 0\">Subscribe<\/a>\n\t\t\t\t\t<\/p>\n\t\t\t\t<\/div>\n\t\t\t<\/div>\n\t\t<\/div>\n\t<\/div>\n\n\n<p>Portuguese blogs posts are listed below<\/p>\n\n\n\n\t\t\t<div class=\"wp-block-uagb-post-carousel uagb-post-grid  uagb-post__image-position-top uagb-post__image-enabled uagb-block-942e8c53     uagb-post__arrow-outside uagb-slick-carousel uagb-post__items uagb-post__columns-3 is-carousel uagb-post__columns-tablet-2 uagb-post__columns-mobile-1\" data-total=\"2\" style=\"\">\n\n\t\t\t\t\t\t\t\t\t\t\t\t<article class=\"uagb-post__inner-wrap\">\t\t\t\t\t\t\t\t<h4 class=\"uagb-post__title uagb-post__text\">\n\t\t\t\t<a href=\"https:\/\/alanleal-econ.com\/index.php\/2026\/02\/14\/eudr-e-seus-efeitos-sobre-o-desmatamento-e-o-uso-do-solo-brasileiros\/\" target=\"_self\" rel=\"bookmark noopener noreferrer\">EUDR e seus Efeitos sobre o Desmatamento e o Uso do Solo Brasileiros\u00a0<\/a>\n\t\t\t<\/h4>\n\t\t\t\t\t\t<div class='uagb-post__text uagb-post-grid-byline'>\n\t\t\t\t\t\t\t\t<time datetime=\"2026-02-14T14:08:11-03:00\" class=\"uagb-post__date\">\n\t\t\t\t<span class=\"dashicons-calendar dashicons\"><\/span>\t\t\t\t\tFebruary 14, 2026\t\t\t\t<\/time>\n\t\t\t\t\t\t\t<span class=\"uagb-post__comment\">\n\t\t\t\t<span class=\"dashicons-admin-comments dashicons\"><\/span>\t\t\t\t\tNo Comments\t\t\t\t<\/span>\n\t\t\t\t\t\t<\/div>\n\t\t\t\t\t\t\t<div class='uagb-post__text uagb-post__excerpt'>\n\t\t\t\t\t<p>Fonte: Leal et al. (2026) A EUDR, Regula\u00e7\u00e3o Anti-Desmatamento da Uni\u00e3o Europeia, deve come\u00e7ar a&#8230;\t\t\t\t<\/div>\n\t\t\t\t\t\t<div class=\"uagb-post__text uagb-post__cta wp-block-button\">\n\t\t\t\t<a class=\"wp-block-button__link uagb-text-link\" style=\"\" href=\"https:\/\/alanleal-econ.com\/index.php\/2026\/02\/14\/eudr-e-seus-efeitos-sobre-o-desmatamento-e-o-uso-do-solo-brasileiros\/\" target=\"_self\" rel=\"bookmark noopener noreferrer\">Read More<\/a>\n\t\t\t<\/div>\n\t\t\t\n\t\t\t\t\t\t\t\t\t<\/article>\n\t\t\t\t\t\t\t\t\t\t\t\t\t\t\t\t<article class=\"uagb-post__inner-wrap\">\t\t\t\t\t\t\t\t<h4 class=\"uagb-post__title uagb-post__text\">\n\t\t\t\t<a href=\"https:\/\/alanleal-econ.com\/index.php\/2025\/08\/09\/quao-concentrada-e-a-exportacao-brasileira-em-termos-de-destino\/\" target=\"_self\" rel=\"bookmark noopener noreferrer\">Qu\u00e3o concentrada \u00e9 a exporta\u00e7\u00e3o brasileira em termos de destino?<\/a>\n\t\t\t<\/h4>\n\t\t\t\t\t\t<div class='uagb-post__text uagb-post-grid-byline'>\n\t\t\t\t\t\t\t\t<time datetime=\"2025-08-09T12:53:42-03:00\" class=\"uagb-post__date\">\n\t\t\t\t<span class=\"dashicons-calendar dashicons\"><\/span>\t\t\t\t\tAugust 9, 2025\t\t\t\t<\/time>\n\t\t\t\t\t\t\t<span class=\"uagb-post__comment\">\n\t\t\t\t<span class=\"dashicons-admin-comments dashicons\"><\/span>\t\t\t\t\tNo Comments\t\t\t\t<\/span>\n\t\t\t\t\t\t<\/div>\n\t\t\t\t\t\t\t<div class='uagb-post__text uagb-post__excerpt'>\n\t\t\t\t\t<p>Com as tarifas americanas uniformemente ao n\u00edvel de 50% sobre as exporta\u00e7\u00f5es brasileiras, uma quest\u00e3o&#8230;\t\t\t\t<\/div>\n\t\t\t\t\t\t<div class=\"uagb-post__text uagb-post__cta wp-block-button\">\n\t\t\t\t<a class=\"wp-block-button__link uagb-text-link\" style=\"\" href=\"https:\/\/alanleal-econ.com\/index.php\/2025\/08\/09\/quao-concentrada-e-a-exportacao-brasileira-em-termos-de-destino\/\" target=\"_self\" rel=\"bookmark noopener noreferrer\">Read More<\/a>\n\t\t\t<\/div>\n\t\t\t\n\t\t\t\t\t\t\t\t\t<\/article>\n\t\t\t\t\t\t\t\t\t\t\t\t\t\t\t\t<article class=\"uagb-post__inner-wrap\">\t\t\t\t\t\t\t\t<h4 class=\"uagb-post__title uagb-post__text\">\n\t\t\t\t<a href=\"https:\/\/alanleal-econ.com\/index.php\/2025\/02\/01\/eudr-e-comercio-de-madeira-no-mt\/\" target=\"_self\" rel=\"bookmark noopener noreferrer\">EUDR e Com\u00e9rcio de Madeira no MT<\/a>\n\t\t\t<\/h4>\n\t\t\t\t\t\t<div class='uagb-post__text uagb-post-grid-byline'>\n\t\t\t\t\t\t\t\t<time datetime=\"2025-02-01T15:31:43-03:00\" class=\"uagb-post__date\">\n\t\t\t\t<span class=\"dashicons-calendar dashicons\"><\/span>\t\t\t\t\tFebruary 1, 2025\t\t\t\t<\/time>\n\t\t\t\t\t\t\t<span class=\"uagb-post__comment\">\n\t\t\t\t<span class=\"dashicons-admin-comments dashicons\"><\/span>\t\t\t\t\tNo Comments\t\t\t\t<\/span>\n\t\t\t\t\t\t<\/div>\n\t\t\t\t\t\t\t<div class='uagb-post__text uagb-post__excerpt'>\n\t\t\t\t\t<p>Cr\u00e9dito: Single.Earth A EUDR, prevista para entrar em vigor em janeiro do pr\u00f3ximo ano (2026)&#8230;\t\t\t\t<\/div>\n\t\t\t\t\t\t<div class=\"uagb-post__text uagb-post__cta wp-block-button\">\n\t\t\t\t<a class=\"wp-block-button__link uagb-text-link\" style=\"\" href=\"https:\/\/alanleal-econ.com\/index.php\/2025\/02\/01\/eudr-e-comercio-de-madeira-no-mt\/\" target=\"_self\" rel=\"bookmark noopener noreferrer\">Read More<\/a>\n\t\t\t<\/div>\n\t\t\t\n\t\t\t\t\t\t\t\t\t<\/article>\n\t\t\t\t\t\t\t\t\t\t\t\t\t\t\t\t<article class=\"uagb-post__inner-wrap\">\t\t\t\t\t\t\t\t<h4 class=\"uagb-post__title uagb-post__text\">\n\t\t\t\t<a href=\"https:\/\/alanleal-econ.com\/index.php\/2024\/08\/08\/comercio-internacional-e-terra-florestas-alguns-novos-desenvolvimentos\/\" target=\"_self\" rel=\"bookmark noopener noreferrer\">Com\u00e9rcio Internacional e Terra\/Florestas: Alguns Novos Desenvolvimentos<\/a>\n\t\t\t<\/h4>\n\t\t\t\t\t\t<div class='uagb-post__text uagb-post-grid-byline'>\n\t\t\t\t\t\t\t\t<time datetime=\"2024-08-08T13:07:13-03:00\" class=\"uagb-post__date\">\n\t\t\t\t<span class=\"dashicons-calendar dashicons\"><\/span>\t\t\t\t\tAugust 8, 2024\t\t\t\t<\/time>\n\t\t\t\t\t\t\t<span class=\"uagb-post__comment\">\n\t\t\t\t<span class=\"dashicons-admin-comments dashicons\"><\/span>\t\t\t\t\tNo Comments\t\t\t\t<\/span>\n\t\t\t\t\t\t<\/div>\n\t\t\t\t\t\t\t<div class='uagb-post__text uagb-post__excerpt'>\n\t\t\t\t\t<p>Eu publiquei recentemente dois working papers, oriundos da minha tese de doutorado (em desenvolvimento). O&#8230;\t\t\t\t<\/div>\n\t\t\t\t\t\t<div class=\"uagb-post__text uagb-post__cta wp-block-button\">\n\t\t\t\t<a class=\"wp-block-button__link uagb-text-link\" style=\"\" href=\"https:\/\/alanleal-econ.com\/index.php\/2024\/08\/08\/comercio-internacional-e-terra-florestas-alguns-novos-desenvolvimentos\/\" target=\"_self\" rel=\"bookmark noopener noreferrer\">Read More<\/a>\n\t\t\t<\/div>\n\t\t\t\n\t\t\t\t\t\t\t\t\t<\/article>\n\t\t\t\t\t\t\t\t\t\t\t\t\t\t\t\t<article class=\"uagb-post__inner-wrap\">\t\t\t\t\t\t\t\t<h4 class=\"uagb-post__title uagb-post__text\">\n\t\t\t\t<a href=\"https:\/\/alanleal-econ.com\/index.php\/2024\/06\/06\/comex-e-mudancas-climaticas-o-caso-do-rio-grande-do-sul-e-suas-exportacoes\/\" target=\"_self\" rel=\"bookmark noopener noreferrer\">Comex e Mudan\u00e7as Clim\u00e1ticas: o caso do Rio Grande do Sul e suas exporta\u00e7\u00f5es<\/a>\n\t\t\t<\/h4>\n\t\t\t\t\t\t<div class='uagb-post__text uagb-post-grid-byline'>\n\t\t\t\t\t\t\t\t<time datetime=\"2024-06-06T18:06:39-03:00\" class=\"uagb-post__date\">\n\t\t\t\t<span class=\"dashicons-calendar dashicons\"><\/span>\t\t\t\t\tJune 6, 2024\t\t\t\t<\/time>\n\t\t\t\t\t\t\t<span class=\"uagb-post__comment\">\n\t\t\t\t<span class=\"dashicons-admin-comments dashicons\"><\/span>\t\t\t\t\tNo Comments\t\t\t\t<\/span>\n\t\t\t\t\t\t<\/div>\n\t\t\t\t\t\t\t<div class='uagb-post__text uagb-post__excerpt'>\n\t\t\t\t\t<p>Este texto \u00e9 uma tentativa de contextualizar dois fen\u00f4menos em toda cat\u00e1strofe clim\u00e1tica: (i) a&#8230;\t\t\t\t<\/div>\n\t\t\t\t\t\t<div class=\"uagb-post__text uagb-post__cta wp-block-button\">\n\t\t\t\t<a class=\"wp-block-button__link uagb-text-link\" style=\"\" href=\"https:\/\/alanleal-econ.com\/index.php\/2024\/06\/06\/comex-e-mudancas-climaticas-o-caso-do-rio-grande-do-sul-e-suas-exportacoes\/\" target=\"_self\" rel=\"bookmark noopener noreferrer\">Read More<\/a>\n\t\t\t<\/div>\n\t\t\t\n\t\t\t\t\t\t\t\t\t<\/article>\n\t\t\t\t\t\t\t\t\t\t\t\t\t\t\t\t<article class=\"uagb-post__inner-wrap\">\t\t\t\t\t\t\t\t<h4 class=\"uagb-post__title uagb-post__text\">\n\t\t\t\t<a href=\"https:\/\/alanleal-econ.com\/index.php\/2024\/05\/24\/quando-vamos-aceder-a-ocde-aparentemente-nao-agora\/\" target=\"_self\" rel=\"bookmark noopener noreferrer\">Quando vamos aceder \u00e0 OCDE? Aparentemente n\u00e3o agora<\/a>\n\t\t\t<\/h4>\n\t\t\t\t\t\t<div class='uagb-post__text uagb-post-grid-byline'>\n\t\t\t\t\t\t\t\t<time datetime=\"2024-05-24T13:05:49-03:00\" class=\"uagb-post__date\">\n\t\t\t\t<span class=\"dashicons-calendar dashicons\"><\/span>\t\t\t\t\tMay 24, 2024\t\t\t\t<\/time>\n\t\t\t\t\t\t\t<span class=\"uagb-post__comment\">\n\t\t\t\t<span class=\"dashicons-admin-comments dashicons\"><\/span>\t\t\t\t\tNo Comments\t\t\t\t<\/span>\n\t\t\t\t\t\t<\/div>\n\t\t\t\t\t\t\t<div class='uagb-post__text uagb-post__excerpt'>\n\t\t\t\t\t<p>O processo de acess\u00e3o do Brasil \u00e0 OCDE que se iniciou oficialmente em Junho de&#8230;\t\t\t\t<\/div>\n\t\t\t\t\t\t<div class=\"uagb-post__text uagb-post__cta wp-block-button\">\n\t\t\t\t<a class=\"wp-block-button__link uagb-text-link\" style=\"\" href=\"https:\/\/alanleal-econ.com\/index.php\/2024\/05\/24\/quando-vamos-aceder-a-ocde-aparentemente-nao-agora\/\" target=\"_self\" rel=\"bookmark noopener noreferrer\">Read More<\/a>\n\t\t\t<\/div>\n\t\t\t\n\t\t\t\t\t\t\t\t\t<\/article>\n\t\t\t\t\t\t\t\t\t\t\t<\/div>\n\t\t\t\n\n\n<p><\/p>\n","protected":false},"excerpt":{"rendered":"<p>Welcome to Alan Leal&#8217;s home page! I hold a Ph.D. in Economic Theory from the University of S\u00e3o Paulo. My research interests lie in international trade, environment, computable general equilibrium models, and game theory. I have also worked on several consulting jobs, including, but not only, analyzing the real state market in Belo Horizonte, Brazil,[&hellip;]<\/p>\n","protected":false},"author":1,"featured_media":0,"parent":0,"menu_order":0,"comment_status":"closed","ping_status":"closed","template":"","meta":{"zakra_general_container_width":0,"zakra_general_content_width":0,"zakra_general_sidebar_width":0,"zakra_sticky_header":"customizer","zakra_header_main_area":true,"zakra_site_logo_width":0,"zakra_header_top_enabled":"customizer","zakra_header_top_style":"customizer","zakra_primary_menu_item_style":"customizer","zakra_page_header_text_color":"","zakra_page_header_layout":"customizer","zakra_page_title_bg":"","zakra_footer_widgets_bg_image":0,"zakra_page_title_bg_repeat":"customizer","zakra_page_title_bg_position":"customizer","zakra_page_title_bg_size":"customizer","zakra_page_title_bg_attachment":"customizer","zakra_breadcrumbs_enabled":"customizer","zakra_breadcrumbs_text_color":"","zakra_breadcrumbs_separator_color":"","zakra_breadcrumbs_link_color":"","zakra_breadcrumbs_link_hover_color":"","zakra_page_title_bg_image":0,"zakra_footer_widgets_enabled":"customizer","zakra_footer_column_layout_1_style":"customizer","zakra_footer_widgets_bg":"","zakra_footer_widgets_bg_repeat":"customizer","zakra_footer_widgets_bg_position":"customizer","zakra_footer_widgets_bg_size":"customizer","zakra_footer_widgets_bg_attachment":"customizer","zakra_footer_bar_enabled":"customizer","zakra_footer_bar_style":"customizer","zakra_page_container_layout":"customizer","zakra_page_sidebar_layout":"customizer","zakra_remove_content_margin":false,"zakra_sidebar":"customizer","zakra_transparent_header":"customizer","zakra_logo":0,"zakra_main_header_style":"default","zakra_menu_item_color":"","zakra_menu_item_hover_color":"","zakra_menu_item_active_color":"","zakra_menu_active_style":"","zakra_page_header":true,"_coblocks_attr":"","_coblocks_dimensions":"","_coblocks_responsive_height":"","_coblocks_accordion_ie_support":"","_uag_custom_page_level_css":"","jetpack_post_was_ever_published":false,"footnotes":""},"class_list":["post-644","page","type-page","status-publish","hentry"],"uagb_featured_image_src":{"full":false,"thumbnail":false,"medium":false,"medium_large":false,"large":false,"1536x1536":false,"2048x2048":false,"zakra-thumb-size-one":false,"zakra-thumb-size-two":false},"uagb_author_info":{"display_name":"Alan Leal","author_link":"https:\/\/alanleal-econ.com\/index.php\/author\/alanmarqueslealhotmail-com\/"},"uagb_comment_info":0,"uagb_excerpt":"Welcome to Alan Leal&#8217;s home page! I hold a Ph.D. in Economic Theory from the University of S\u00e3o Paulo. My research interests lie in international trade, environment, computable general equilibrium models, and game theory. I have also worked on several consulting jobs, including, but not only, analyzing the real state market in Belo Horizonte, Brazil,[&hellip;]","jetpack_sharing_enabled":true,"_links":{"self":[{"href":"https:\/\/alanleal-econ.com\/index.php\/wp-json\/wp\/v2\/pages\/644","targetHints":{"allow":["GET"]}}],"collection":[{"href":"https:\/\/alanleal-econ.com\/index.php\/wp-json\/wp\/v2\/pages"}],"about":[{"href":"https:\/\/alanleal-econ.com\/index.php\/wp-json\/wp\/v2\/types\/page"}],"author":[{"embeddable":true,"href":"https:\/\/alanleal-econ.com\/index.php\/wp-json\/wp\/v2\/users\/1"}],"replies":[{"embeddable":true,"href":"https:\/\/alanleal-econ.com\/index.php\/wp-json\/wp\/v2\/comments?post=644"}],"version-history":[{"count":32,"href":"https:\/\/alanleal-econ.com\/index.php\/wp-json\/wp\/v2\/pages\/644\/revisions"}],"predecessor-version":[{"id":1529,"href":"https:\/\/alanleal-econ.com\/index.php\/wp-json\/wp\/v2\/pages\/644\/revisions\/1529"}],"wp:attachment":[{"href":"https:\/\/alanleal-econ.com\/index.php\/wp-json\/wp\/v2\/media?parent=644"}],"curies":[{"name":"wp","href":"https:\/\/api.w.org\/{rel}","templated":true}]}}